{"id":85,"date":"2024-12-03T10:30:01","date_gmt":"2024-12-03T10:30:01","guid":{"rendered":"https:\/\/vellingevaxer.nu\/?page_id=85"},"modified":"2024-12-03T10:45:43","modified_gmt":"2024-12-03T10:45:43","slug":"nara-till-varlden-och-hem-igen","status":"publish","type":"page","link":"https:\/\/vellingevaxer.nu\/index.php\/nara-till-varlden-och-hem-igen\/","title":{"rendered":"N\u00e4ra till v\u00e4rlden och hem igen"},"content":{"rendered":"\t\t<div data-elementor-type=\"wp-page\" data-elementor-id=\"85\" class=\"elementor elementor-85\" data-elementor-post-type=\"page\">\n\t\t\t\t\t\t<section class=\"elementor-section elementor-top-section elementor-element elementor-element-2e2565c5 elementor-section-boxed elementor-section-height-default elementor-section-height-default\" data-id=\"2e2565c5\" data-element_type=\"section\" data-e-type=\"section\">\n\t\t\t\t\t\t<div class=\"elementor-container elementor-column-gap-no\">\n\t\t\t\t\t<div class=\"elementor-column elementor-col-100 elementor-top-column elementor-element elementor-element-714d6ebc\" data-id=\"714d6ebc\" data-element_type=\"column\" data-e-type=\"column\">\n\t\t\t<div class=\"elementor-widget-wrap elementor-element-populated\">\n\t\t\t\t\t\t<div class=\"elementor-element elementor-element-50131b70 elementor-widget elementor-widget-image\" data-id=\"50131b70\" data-element_type=\"widget\" data-e-type=\"widget\" data-widget_type=\"image.default\">\n\t\t\t\t<div class=\"elementor-widget-container\">\n\t\t\t\t\t\t\t\t\t\t\t\t\t\t\t<img fetchpriority=\"high\" decoding=\"async\" width=\"2080\" height=\"1386\" src=\"https:\/\/vellingevaxer.nu\/wp-content\/uploads\/2024\/12\/carina-wutzler.webp\" class=\"attachment-full size-full wp-image-89\" alt=\"\" srcset=\"https:\/\/vellingevaxer.nu\/wp-content\/uploads\/2024\/12\/carina-wutzler.webp 2080w, https:\/\/vellingevaxer.nu\/wp-content\/uploads\/2024\/12\/carina-wutzler-300x200.webp 300w, https:\/\/vellingevaxer.nu\/wp-content\/uploads\/2024\/12\/carina-wutzler-1024x682.webp 1024w, https:\/\/vellingevaxer.nu\/wp-content\/uploads\/2024\/12\/carina-wutzler-768x512.webp 768w, https:\/\/vellingevaxer.nu\/wp-content\/uploads\/2024\/12\/carina-wutzler-1536x1024.webp 1536w, https:\/\/vellingevaxer.nu\/wp-content\/uploads\/2024\/12\/carina-wutzler-2048x1365.webp 2048w\" sizes=\"(max-width: 2080px) 100vw, 2080px\" \/>\t\t\t\t\t\t\t\t\t\t\t\t\t\t\t<\/div>\n\t\t\t\t<\/div>\n\t\t\t\t<div class=\"elementor-element elementor-element-33fe5db elementor-widget elementor-widget-text-editor\" data-id=\"33fe5db\" data-element_type=\"widget\" data-e-type=\"widget\" data-widget_type=\"text-editor.default\">\n\t\t\t\t<div class=\"elementor-widget-container\">\n\t\t\t\t\t\t\t\t\t<p>Carina Wutzler, Kommunstyrelsens ordf\u00f6rande, Vellinge kommun. (Foto: Rickard Johnsson)<\/p>\t\t\t\t\t\t\t\t<\/div>\n\t\t\t\t<\/div>\n\t\t\t\t\t<\/div>\n\t\t<\/div>\n\t\t\t\t\t<\/div>\n\t\t<\/section>\n\t\t\t\t<section class=\"elementor-section elementor-top-section elementor-element elementor-element-1242969f elementor-section-boxed elementor-section-height-default elementor-section-height-default\" data-id=\"1242969f\" data-element_type=\"section\" data-e-type=\"section\">\n\t\t\t\t\t\t<div class=\"elementor-container elementor-column-gap-no\">\n\t\t\t\t\t<div class=\"elementor-column elementor-col-100 elementor-top-column elementor-element elementor-element-7065a5ec\" data-id=\"7065a5ec\" data-element_type=\"column\" data-e-type=\"column\">\n\t\t\t<div class=\"elementor-widget-wrap elementor-element-populated\">\n\t\t\t\t\t\t<div class=\"elementor-element elementor-element-2ba19526 elementor-widget elementor-widget-heading\" data-id=\"2ba19526\" data-element_type=\"widget\" data-e-type=\"widget\" data-widget_type=\"heading.default\">\n\t\t\t\t<div class=\"elementor-widget-container\">\n\t\t\t\t\t<h3 class=\"elementor-heading-title elementor-size-default\">En kommun i utveckling<\/h3>\t\t\t\t<\/div>\n\t\t\t\t<\/div>\n\t\t\t\t<div class=\"elementor-element elementor-element-7a70bb09 elementor-widget elementor-widget-heading\" data-id=\"7a70bb09\" data-element_type=\"widget\" data-e-type=\"widget\" data-widget_type=\"heading.default\">\n\t\t\t\t<div class=\"elementor-widget-container\">\n\t\t\t\t\t<h1 class=\"elementor-heading-title elementor-size-default\">N\u00e4ra till v\u00e4rlden och hem igen<\/h1>\t\t\t\t<\/div>\n\t\t\t\t<\/div>\n\t\t\t\t\t<\/div>\n\t\t<\/div>\n\t\t\t\t\t<\/div>\n\t\t<\/section>\n\t\t\t\t<section class=\"elementor-section elementor-top-section elementor-element elementor-element-4b5ef683 elementor-section-boxed elementor-section-height-default elementor-section-height-default\" data-id=\"4b5ef683\" data-element_type=\"section\" data-e-type=\"section\">\n\t\t\t\t\t\t<div class=\"elementor-container elementor-column-gap-no\">\n\t\t\t\t\t<div class=\"elementor-column elementor-col-100 elementor-top-column elementor-element elementor-element-79ab3f23\" data-id=\"79ab3f23\" data-element_type=\"column\" data-e-type=\"column\">\n\t\t\t<div class=\"elementor-widget-wrap elementor-element-populated\">\n\t\t\t\t\t\t<div class=\"elementor-element elementor-element-59528fd elementor-drop-cap-yes elementor-drop-cap-view-default elementor-widget elementor-widget-text-editor\" data-id=\"59528fd\" data-element_type=\"widget\" data-e-type=\"widget\" data-settings=\"{&quot;drop_cap&quot;:&quot;yes&quot;}\" data-widget_type=\"text-editor.default\">\n\t\t\t\t<div class=\"elementor-widget-container\">\n\t\t\t\t\t\t\t\t\t<p>V<span class=\"s1\"><b>ellinge kommun st\u00e5r inf\u00f6r <\/b><\/span>en sp\u00e4nnande utvecklingsfas de n\u00e4rmaste \u00e5ren, d\u00e4r vi ser hur v\u00e5r vision om att vara en attraktiv plats f\u00f6r boende, f\u00f6retagande och rekreation f\u00f6rverkligas. Med flera ambiti\u00f6sa projekt p\u00e5 g\u00e5ng skapas nya m\u00f6jligheter f\u00f6r b\u00e5de inv\u00e5nare och bes\u00f6kare att njuta av allt som v\u00e5r kommun har att erbjuda.<\/p><p class=\"p1\"><span class=\"s1\"><b>Ett av de mest efterl\u00e4ngtade <\/b><\/span>projekten \u00e4r den planerade konferens- och spa\u00adanl\u00e4ggningen i Falsterbo. Detta blir en unik m\u00f6tesplats f\u00f6r m\u00e4nniskor fr\u00e5n n\u00e4r och fj\u00e4rran, med fokus p\u00e5 att kombinera avkoppling och v\u00e4lm\u00e5ende. Falsterbo, med sin fantastiska natur och n\u00e4rhet till havet, \u00e4r en sj\u00e4lvklar plats f\u00f6r en s\u00e5dan satsning. Anl\u00e4ggningen kommer inte bara att st\u00e4rka kommunens attraktivitet f\u00f6r f\u00f6retag och organisationer utan ocks\u00e5 ge en ekonomisk injektion till det lokala n\u00e4ringslivet, fr\u00e5n restauranger till hotell och butiker.<\/p><p class=\"p1\"><span class=\"s1\"><b>Utvecklingen av omr\u00e5det <\/b><\/span>kring Falsterbokanalen \u00e4r en annan viktig pusselbit. H\u00e4r skapas nya m\u00f6jligheter f\u00f6r bost\u00e4der, fritidsaktiviteter och rekreation. Kanalen \u00e4r redan i dag en symbol f\u00f6r samverkan mellan natur och sam\u00adh\u00e4lle, och med dessa satsningar kan den bli en \u00e4nnu st\u00f6rre tillg\u00e5ng f\u00f6r oss alla. Att bygga med respekt f\u00f6r v\u00e5r unika milj\u00f6 \u00e4r centralt, och vi ser fram emot att skapa en h\u00e5llbar balans mellan utveckling och bevarande.<\/p><p class=\"p1\"><span class=\"s1\"><b>Samtidigt forts\u00e4tter <\/b><\/span>Vellinge t\u00e4tort, V\u00e4stra Ingelstad och \u00d6stra Grevie att utvecklas. Med nya bostadsomr\u00e5den, f\u00f6rb\u00e4ttrad infrastruktur och ett v\u00e4xande serviceutbud skapas en stark grund f\u00f6r framtiden. Kommunens satsning p\u00e5 sm\u00e5skalig stadsutveckling g\u00f6r det m\u00f6jligt f\u00f6r fler att hitta sitt dr\u00f6mhem, samtidigt som vi beh\u00e5ller den trygga och naturn\u00e4ra k\u00e4nslan som k\u00e4nnetecknar Vellinge.<\/p><p class=\"p1\"><span class=\"s1\"><b>Ett omr\u00e5de som <\/b><\/span>vi med stolthet prioriterar \u00e4r utbildning. Flera nya skolor kommer att byggas de kommande \u00e5ren f\u00f6r att m\u00f6ta behoven hos framtidens generationer. Med moderna l\u00e4rmilj\u00f6er, digitala verktyg och engagerade pedagoger s\u00e4kerst\u00e4ller vi att v\u00e5ra barn och unga f\u00e5r b\u00e4sta m\u00f6jliga f\u00f6ruts\u00e4ttningar att lyckas i en alltmer globaliserad v\u00e4rld. Samtidigt forts\u00e4tter vi att satsa p\u00e5 att vara en trygg kommun d\u00e4r alla barn kan k\u00e4nna sig sedda och v\u00e4rdefulla.<\/p><p class=\"p1\"><span class=\"s2\"><b>Ett annat betydande steg <\/b><\/span><span class=\"s3\">fram\u00e5t \u00e4r den skyddsvall som nu har p\u00e5b\u00f6rjats. Klimatf\u00f6r\u00e4ndringarna \u00e4r en utmaning som vi inte kan blunda f\u00f6r, och genom att investera i skydd mot stigande havsniv\u00e5er visar vi att Vellinge kommun tar ansvar f\u00f6r b\u00e5de dagens och morgondagens inv\u00e5nare. Med skyddsvallen p\u00e5 plats kan vi forts\u00e4tta njuta av v\u00e5rt fantastiska l\u00e4ge vid havet utan att kompromissa med tryggheten.<\/span><\/p><p class=\"p1\"><span class=\"s1\"><b>Det \u00e4r tydligt att <\/b><\/span>Vellinge kommun befinner sig p\u00e5 en resa d\u00e4r vi b\u00e5de tar hand om det vi har och ser fram\u00e5t mot det vi kan bli. Genom att kombinera innovation, h\u00e5llbarhet och lokalt engagemang formar vi en kommun som \u00e4r b\u00e5de n\u00e4ra v\u00e4rlden och n\u00e4ra hem igen. Det \u00e4r med stolthet och framtidstro vi ser p\u00e5 de kommande \u00e5ren \u2013 Vellinge v\u00e4xer, f\u00f6rnyas och st\u00e4rker sin plats som en av landets mest attraktiva kommuner.<\/p>\t\t\t\t\t\t\t\t<\/div>\n\t\t\t\t<\/div>\n\t\t\t\t\t<\/div>\n\t\t<\/div>\n\t\t\t\t\t<\/div>\n\t\t<\/section>\n\t\t\t\t<section class=\"elementor-section elementor-top-section elementor-element elementor-element-3fe4210d elementor-section-boxed elementor-section-height-default elementor-section-height-default\" data-id=\"3fe4210d\" data-element_type=\"section\" data-e-type=\"section\">\n\t\t\t\t\t\t<div class=\"elementor-container elementor-column-gap-no\">\n\t\t\t\t\t<div class=\"elementor-column elementor-col-100 elementor-top-column elementor-element elementor-element-4d73b1fa\" data-id=\"4d73b1fa\" data-element_type=\"column\" data-e-type=\"column\">\n\t\t\t<div class=\"elementor-widget-wrap elementor-element-populated\">\n\t\t\t\t\t\t<div class=\"elementor-element elementor-element-5d0dda40 elementor-share-buttons--view-icon elementor-share-buttons--skin-minimal elementor-share-buttons--shape-circle elementor-share-buttons--color-custom elementor-grid-0 elementor-widget elementor-widget-share-buttons\" data-id=\"5d0dda40\" data-element_type=\"widget\" data-e-type=\"widget\" data-widget_type=\"share-buttons.default\">\n\t\t\t\t<div class=\"elementor-widget-container\">\n\t\t\t\t\t\t\t<div class=\"elementor-grid\" role=\"list\">\n\t\t\t\t\t\t\t\t<div class=\"elementor-grid-item\" role=\"listitem\">\n\t\t\t\t\t\t<div class=\"elementor-share-btn elementor-share-btn_email\" role=\"button\" tabindex=\"0\" aria-label=\"Dela p\u00e5 email\">\n\t\t\t\t\t\t\t\t\t\t\t\t\t\t\t<span class=\"elementor-share-btn__icon\">\n\t\t\t\t\t\t\t\t<svg aria-hidden=\"true\" class=\"e-font-icon-svg e-fas-envelope\" viewBox=\"0 0 512 512\" xmlns=\"http:\/\/www.w3.org\/2000\/svg\"><path d=\"M502.3 190.8c3.9-3.1 9.7-.2 9.7 4.7V400c0 26.5-21.5 48-48 48H48c-26.5 0-48-21.5-48-48V195.6c0-5 5.7-7.8 9.7-4.7 22.4 17.4 52.1 39.5 154.1 113.6 21.1 15.4 56.7 47.8 92.2 47.6 35.7.3 72-32.8 92.3-47.6 102-74.1 131.6-96.3 154-113.7zM256 320c23.2.4 56.6-29.2 73.4-41.4 132.7-96.3 142.8-104.7 173.4-128.7 5.8-4.5 9.2-11.5 9.2-18.9v-19c0-26.5-21.5-48-48-48H48C21.5 64 0 85.5 0 112v19c0 7.4 3.4 14.3 9.2 18.9 30.6 23.9 40.7 32.4 173.4 128.7 16.8 12.2 50.2 41.8 73.4 41.4z\"><\/path><\/svg>\t\t\t\t\t\t\t<\/span>\n\t\t\t\t\t\t\t\t\t\t\t\t\t\t\t\t\t\t\t\t<\/div>\n\t\t\t\t\t<\/div>\n\t\t\t\t\t\t\t\t\t<div class=\"elementor-grid-item\" role=\"listitem\">\n\t\t\t\t\t\t<div class=\"elementor-share-btn elementor-share-btn_facebook\" role=\"button\" tabindex=\"0\" aria-label=\"Dela p\u00e5 facebook\">\n\t\t\t\t\t\t\t\t\t\t\t\t\t\t\t<span class=\"elementor-share-btn__icon\">\n\t\t\t\t\t\t\t\t<svg aria-hidden=\"true\" class=\"e-font-icon-svg e-fab-facebook\" viewBox=\"0 0 512 512\" xmlns=\"http:\/\/www.w3.org\/2000\/svg\"><path d=\"M504 256C504 119 393 8 256 8S8 119 8 256c0 123.78 90.69 226.38 209.25 245V327.69h-63V256h63v-54.64c0-62.15 37-96.48 93.67-96.48 27.14 0 55.52 4.84 55.52 4.84v61h-31.28c-30.8 0-40.41 19.12-40.41 38.73V256h68.78l-11 71.69h-57.78V501C413.31 482.38 504 379.78 504 256z\"><\/path><\/svg>\t\t\t\t\t\t\t<\/span>\n\t\t\t\t\t\t\t\t\t\t\t\t\t\t\t\t\t\t\t\t<\/div>\n\t\t\t\t\t<\/div>\n\t\t\t\t\t\t\t\t\t<div class=\"elementor-grid-item\" role=\"listitem\">\n\t\t\t\t\t\t<div class=\"elementor-share-btn elementor-share-btn_x-twitter\" role=\"button\" tabindex=\"0\" aria-label=\"Dela p\u00e5 x-twitter\">\n\t\t\t\t\t\t\t\t\t\t\t\t\t\t\t<span class=\"elementor-share-btn__icon\">\n\t\t\t\t\t\t\t\t<svg aria-hidden=\"true\" class=\"e-font-icon-svg e-fab-x-twitter\" viewBox=\"0 0 512 512\" xmlns=\"http:\/\/www.w3.org\/2000\/svg\"><path d=\"M389.2 48h70.6L305.6 224.2 487 464H345L233.7 318.6 106.5 464H35.8L200.7 275.5 26.8 48H172.4L272.9 180.9 389.2 48zM364.4 421.8h39.1L151.1 88h-42L364.4 421.8z\"><\/path><\/svg>\t\t\t\t\t\t\t<\/span>\n\t\t\t\t\t\t\t\t\t\t\t\t\t\t\t\t\t\t\t\t<\/div>\n\t\t\t\t\t<\/div>\n\t\t\t\t\t\t\t\t\t<div class=\"elementor-grid-item\" role=\"listitem\">\n\t\t\t\t\t\t<div class=\"elementor-share-btn elementor-share-btn_linkedin\" role=\"button\" tabindex=\"0\" aria-label=\"Dela p\u00e5 linkedin\">\n\t\t\t\t\t\t\t\t\t\t\t\t\t\t\t<span class=\"elementor-share-btn__icon\">\n\t\t\t\t\t\t\t\t<svg aria-hidden=\"true\" class=\"e-font-icon-svg e-fab-linkedin\" viewBox=\"0 0 448 512\" xmlns=\"http:\/\/www.w3.org\/2000\/svg\"><path d=\"M416 32H31.9C14.3 32 0 46.5 0 64.3v383.4C0 465.5 14.3 480 31.9 480H416c17.6 0 32-14.5 32-32.3V64.3c0-17.8-14.4-32.3-32-32.3zM135.4 416H69V202.2h66.5V416zm-33.2-243c-21.3 0-38.5-17.3-38.5-38.5S80.9 96 102.2 96c21.2 0 38.5 17.3 38.5 38.5 0 21.3-17.2 38.5-38.5 38.5zm282.1 243h-66.4V312c0-24.8-.5-56.7-34.5-56.7-34.6 0-39.9 27-39.9 54.9V416h-66.4V202.2h63.7v29.2h.9c8.9-16.8 30.6-34.5 62.9-34.5 67.2 0 79.7 44.3 79.7 101.9V416z\"><\/path><\/svg>\t\t\t\t\t\t\t<\/span>\n\t\t\t\t\t\t\t\t\t\t\t\t\t\t\t\t\t\t\t\t<\/div>\n\t\t\t\t\t<\/div>\n\t\t\t\t\t\t<\/div>\n\t\t\t\t\t\t<\/div>\n\t\t\t\t<\/div>\n\t\t\t\t\t<\/div>\n\t\t<\/div>\n\t\t\t\t\t<\/div>\n\t\t<\/section>\n\t\t\t\t<\/div>\n\t\t","protected":false},"excerpt":{"rendered":"<p>Carina Wutzler, Kommunstyrelsens ordf\u00f6rande, Vellinge kommun. (Foto: Rickard Johnsson) En kommun i utveckling N\u00e4ra till v\u00e4rlden och hem igen Vellinge kommun st\u00e5r inf\u00f6r en sp\u00e4nnande utvecklingsfas de n\u00e4rmaste \u00e5ren, d\u00e4r vi ser hur v\u00e5r vision om att vara en attraktiv plats f\u00f6r boende, f\u00f6retagande och rekreation f\u00f6rverkligas. Med flera ambiti\u00f6sa projekt p\u00e5 g\u00e5ng skapas nya [&hellip;]<\/p>\n","protected":false},"author":2,"featured_media":89,"parent":0,"menu_order":0,"comment_status":"closed","ping_status":"closed","template":"elementor_theme","meta":{"footnotes":""},"class_list":["post-85","page","type-page","status-publish","has-post-thumbnail","hentry"],"_links":{"self":[{"href":"https:\/\/vellingevaxer.nu\/index.php\/wp-json\/wp\/v2\/pages\/85","targetHints":{"allow":["GET"]}}],"collection":[{"href":"https:\/\/vellingevaxer.nu\/index.php\/wp-json\/wp\/v2\/pages"}],"about":[{"href":"https:\/\/vellingevaxer.nu\/index.php\/wp-json\/wp\/v2\/types\/page"}],"author":[{"embeddable":true,"href":"https:\/\/vellingevaxer.nu\/index.php\/wp-json\/wp\/v2\/users\/2"}],"replies":[{"embeddable":true,"href":"https:\/\/vellingevaxer.nu\/index.php\/wp-json\/wp\/v2\/comments?post=85"}],"version-history":[{"count":4,"href":"https:\/\/vellingevaxer.nu\/index.php\/wp-json\/wp\/v2\/pages\/85\/revisions"}],"predecessor-version":[{"id":140,"href":"https:\/\/vellingevaxer.nu\/index.php\/wp-json\/wp\/v2\/pages\/85\/revisions\/140"}],"wp:featuredmedia":[{"embeddable":true,"href":"https:\/\/vellingevaxer.nu\/index.php\/wp-json\/wp\/v2\/media\/89"}],"wp:attachment":[{"href":"https:\/\/vellingevaxer.nu\/index.php\/wp-json\/wp\/v2\/media?parent=85"}],"curies":[{"name":"wp","href":"https:\/\/api.w.org\/{rel}","templated":true}]}}